{"id":1828,"date":"2024-08-01T11:45:02","date_gmt":"2024-08-01T09:45:02","guid":{"rendered":"https:\/\/103428.web.zcom.it\/mangiare-e-gustare\/"},"modified":"2026-04-03T13:58:51","modified_gmt":"2026-04-03T11:58:51","slug":"mangiare-e-gustare","status":"publish","type":"page","link":"https:\/\/www.gailerhof.com\/it\/mangiare-e-gustare\/","title":{"rendered":"Mangiare e gustare"},"content":{"rendered":"\t\t<div data-elementor-type=\"wp-page\" data-elementor-id=\"1828\" class=\"elementor elementor-1828 elementor-28\" data-elementor-post-type=\"page\">\n\t\t\t\t<div class=\"elementor-element elementor-element-660d96c1 e-con-full e-flex e-con e-parent\" data-id=\"660d96c1\" data-element_type=\"container\">\n\t\t\t\t<div class=\"elementor-element elementor-element-58749900 elementor-pagination-position-inside linksbuendig paginationzahlunten paginationzahl elementor-pagination-type-fraction elementor-skin-carousel elementor-widget elementor-widget-media-carousel\" data-id=\"58749900\" data-element_type=\"widget\" data-settings=\"{&quot;effect&quot;:&quot;fade&quot;,&quot;pagination&quot;:&quot;fraction&quot;,&quot;skin&quot;:&quot;carousel&quot;,&quot;speed&quot;:500,&quot;autoplay&quot;:&quot;yes&quot;,&quot;autoplay_speed&quot;:5000,&quot;loop&quot;:&quot;yes&quot;,&quot;pause_on_hover&quot;:&quot;yes&quot;,&quot;pause_on_interaction&quot;:&quot;yes&quot;,&quot;space_between&quot;:{&quot;unit&quot;:&quot;px&quot;,&quot;size&quot;:10,&quot;sizes&quot;:[]},&quot;space_between_widescreen&quot;:{&quot;unit&quot;:&quot;px&quot;,&quot;size&quot;:10,&quot;sizes&quot;:[]},&quot;space_between_laptop&quot;:{&quot;unit&quot;:&quot;px&quot;,&quot;size&quot;:10,&quot;sizes&quot;:[]},&quot;space_between_tablet_extra&quot;:{&quot;unit&quot;:&quot;px&quot;,&quot;size&quot;:10,&quot;sizes&quot;:[]},&quot;space_between_tablet&quot;:{&quot;unit&quot;:&quot;px&quot;,&quot;size&quot;:10,&quot;sizes&quot;:[]},&quot;space_between_mobile_extra&quot;:{&quot;unit&quot;:&quot;px&quot;,&quot;size&quot;:10,&quot;sizes&quot;:[]},&quot;space_between_mobile&quot;:{&quot;unit&quot;:&quot;px&quot;,&quot;size&quot;:10,&quot;sizes&quot;:[]}}\" data-widget_type=\"media-carousel.default\">\n\t\t\t\t<div class=\"elementor-widget-container\">\n\t\t\t\t\t\t\t\t\t<div class=\"elementor-swiper\">\n\t\t\t\t\t<div class=\"elementor-main-swiper swiper\" role=\"region\" aria-roledescription=\"carousel\" aria-label=\"Slider\">\n\t\t\t\t<div class=\"swiper-wrapper\">\n\t\t\t\t\t\t\t\t\t\t\t<div class=\"swiper-slide\" role=\"group\" aria-roledescription=\"slide\">\n\t\t\t\t\t\t\t\t\t<div class=\"elementor-carousel-image\" role=\"img\" aria-label=\"BnB mit Sonnenterrasse in S\u00fcdtirol\" style=\"background-image: url(&#039;https:\/\/www.gailerhof.com\/wp-content\/uploads\/2024\/08\/bed-and-breakfast-suedtirol.jpg&#039;)\">\n\n\t\t\t\n\t\t\t\t\t<\/div>\n\t\t\t\t\t\t\t\t<\/div>\n\t\t\t\t\t\t\t\t\t<\/div>\n\t\t\t\t\t\t\t<\/div>\n\t\t\t\t<\/div>\n\t\t\t\t\t\t\t\t<\/div>\n\t\t\t\t<\/div>\n\t\t\t\t<div class=\"elementor-element elementor-element-17106c7d elementor-absolute elementor-hidden-mobile elementor-view-default elementor-widget elementor-widget-icon\" data-id=\"17106c7d\" data-element_type=\"widget\" data-settings=\"{&quot;_position&quot;:&quot;absolute&quot;}\" data-widget_type=\"icon.default\">\n\t\t\t\t<div class=\"elementor-widget-container\">\n\t\t\t\t\t\t\t<div class=\"elementor-icon-wrapper\">\n\t\t\t<a class=\"elementor-icon\" href=\"https:\/\/www.german-design-award.com\/en\/the-winners\/gallery\/detail\/27953-hotel-gailerhof-welsberg.html\" target=\"_blank\" rel=\"nofollow\">\n\t\t\t<svg xmlns=\"http:\/\/www.w3.org\/2000\/svg\" xmlns:xlink=\"http:\/\/www.w3.org\/1999\/xlink\" width=\"115.87\" height=\"48.081\" viewBox=\"0 0 115.87 48.081\"><defs><clipPath id=\"clip-path\"><rect id=\"Rechteck_1527\" data-name=\"Rechteck 1527\" width=\"115.87\" height=\"48.081\" fill=\"#575551\"><\/rect><\/clipPath><\/defs><g id=\"Gruppe_2524\" data-name=\"Gruppe 2524\" opacity=\"0.3\"><g id=\"Gruppe_2522\" data-name=\"Gruppe 2522\" transform=\"translate(0 0)\" clip-path=\"url(#clip-path)\"><path id=\"Pfad_759\" data-name=\"Pfad 759\" d=\"M41.994,7.426H39.659V5.161h5.091v6.48a12.522,12.522,0,0,1-5.7,1.168c-2.032,0-3.981-.677-3.981-3.631v-4.9C35.07,1.343,36.238,0,39.483,0a30.074,30.074,0,0,1,4.927.49l-.514,2.2A27.088,27.088,0,0,0,39.822,2.3c-1.7,0-1.891.654-1.891,2.137v4.67c0,1.168.467,1.424,1.74,1.424a9.816,9.816,0,0,0,2.277-.35Z\" transform=\"translate(5.877 0)\" fill=\"#575551\"><\/path><path id=\"Pfad_760\" data-name=\"Pfad 760\" d=\"M45.73,12.575V.14h8.582L53.95,2.475H48.544V4.962h5.324L53.506,7.3H48.556v2.966h5.663V12.6Z\" transform=\"translate(7.663 0.023)\" fill=\"#575551\"><\/path><path id=\"Pfad_761\" data-name=\"Pfad 761\" d=\"M61.964,12.575,59.628,7.589H58.076v4.986H55.25V.14h4.787c2.557,0,4.519.4,4.519,3.631v.514A2.884,2.884,0,0,1,62.5,7.321l2.709,5.242Zm-.292-9.049c0-.771-.362-1.168-1.506-1.168h-2.09V5.394h2.394c.887,0,1.249-.362,1.249-1.168Z\" transform=\"translate(9.259 0.023)\" fill=\"#575551\"><\/path><path id=\"Pfad_762\" data-name=\"Pfad 762\" d=\"M76.088,12.575V4.4l-3,6.27H71.266L68.254,4.378v8.173H65.51V.14h3.444l3.211,6.935L75.423.14h3.421V12.575Z\" transform=\"translate(10.978 0.023)\" fill=\"#575551\"><\/path><path id=\"Pfad_763\" data-name=\"Pfad 763\" d=\"M87.255,12.575l-.736-2.253H82.386l-.724,2.253H78.51L82.877.14h3.211l4.367,12.435ZM84.43,2.884,82.912,8.115h3.176Z\" transform=\"translate(13.156 0.023)\" fill=\"#575551\"><\/path><path id=\"Pfad_764\" data-name=\"Pfad 764\" d=\"M97.584,12.575l-4.53-7.811v7.811H90.31V.14h2.732l4.67,7.694V.14h2.744V12.575Z\" transform=\"translate(15.134 0.023)\" fill=\"#575551\"><\/path><path id=\"Pfad_765\" data-name=\"Pfad 765\" d=\"M35.35,28.16V13.32h5.534c4.04,0,5.92,1.1,5.92,5.079v4.67c0,3.316-1.027,5.079-5.534,5.079Zm8.08-9.586c0-1.635-.082-2.522-2.2-2.522h-2.51v9.422h2.335c1.985,0,2.335-.56,2.335-1.962Z\" transform=\"translate(5.924 2.232)\" fill=\"#575551\"><\/path><path id=\"Pfad_766\" data-name=\"Pfad 766\" d=\"M47.64,28.16V13.32H57.868L57.4,16.1H50.979v2.954H57.4l-.432,2.791H51.014v3.5h6.772v2.779Z\" transform=\"translate(7.983 2.232)\" fill=\"#575551\"><\/path><path id=\"Pfad_767\" data-name=\"Pfad 767\" d=\"M69.857,24.025c0,2.674-1.868,4.355-5.733,4.355a22.592,22.592,0,0,1-5.639-.747l.911-2.7a19.481,19.481,0,0,0,4.67.654c1.681,0,2.335-.666,2.335-1.74v-.4c0-1.168-.56-1.541-1.973-1.541H62.594a3.7,3.7,0,0,1-4.122-4.063v-.4c.082-2.849,1.751-4.332,4.67-4.332h.5a50.235,50.235,0,0,1,6.165.537l-.992,2.627c-1.541-.187-3.725-.374-4.88-.4h-.56a1.3,1.3,0,0,0-1.471,1.093,1.284,1.284,0,0,0,0,.378v.409c0,.747.315,1.261,1.343,1.261h2.137c2.732,0,4.448,1.168,4.448,4.18Z\" transform=\"translate(9.795 2.199)\" fill=\"#575551\"><\/path><path id=\"Pfad_768\" data-name=\"Pfad 768\" d=\"M70.68,28.16V13.32h3.374V28.148Z\" transform=\"translate(11.844 2.232)\" fill=\"#575551\"><\/path><path id=\"Pfad_769\" data-name=\"Pfad 769\" d=\"M84.34,22.009H81.654v-2.7h6.071v7.636a15.026,15.026,0,0,1-6.8,1.366c-2.429,0-4.74-.806-4.74-4.332V18.261c0-3.5,1.389-5.091,5.266-5.091a35.869,35.869,0,0,1,5.838.584l-.6,2.6a32.443,32.443,0,0,0-4.9-.479c-2.032,0-2.253.782-2.253,2.545v5.569c0,1.448.56,1.7,2.067,1.7a11.649,11.649,0,0,0,2.72-.409Z\" transform=\"translate(12.768 2.207)\" fill=\"#575551\"><\/path><path id=\"Pfad_770\" data-name=\"Pfad 770\" d=\"M97.315,28.16l-5.406-9.341V28.16H88.64V13.32h3.246l5.534,9.2v-9.2h3.316V28.148Z\" transform=\"translate(14.854 2.232)\" fill=\"#575551\"><\/path><path id=\"Pfad_771\" data-name=\"Pfad 771\" d=\"M44.488,43.238l-.852-2.65H38.65l-.852,2.65H34.12L39.257,28.62h3.736l5.137,14.618ZM41.1,31.843l-1.833,6.083h3.69Z\" transform=\"translate(5.718 4.796)\" fill=\"#575551\"><\/path><path id=\"Pfad_772\" data-name=\"Pfad 772\" d=\"M59.015,43.243l-2.65-10.076L53.726,43.243H49.313L46.09,28.625h3.643l1.915,11.057,2.837-10.648h3.771l2.837,10.613L63.008,28.59h3.619L63.393,43.231Z\" transform=\"translate(7.724 4.791)\" fill=\"#575551\"><\/path><path id=\"Pfad_773\" data-name=\"Pfad 773\" d=\"M73.981,43.238l-.852-2.65H68.214l-.852,2.65h-3.7L68.8,28.62h3.748l5.137,14.618Zm-3.339-11.4-1.833,6.083H72.5Z\" transform=\"translate(10.668 4.796)\" fill=\"#575551\"><\/path><path id=\"Pfad_774\" data-name=\"Pfad 774\" d=\"M85.393,43.238,82.7,37.4H80.758v5.838H77.43V28.62h5.639c3,0,5.312.467,5.312,4.262V33.5a3.4,3.4,0,0,1-2.405,3.573l3.187,6.165ZM85.043,32.6c0-.9-.432-1.308-1.775-1.308H80.746v3.573h2.826c1.039,0,1.471-.42,1.471-1.331Z\" transform=\"translate(12.975 4.796)\" fill=\"#575551\"><\/path><path id=\"Pfad_775\" data-name=\"Pfad 775\" d=\"M89.57,43.238V28.62h5.453c3.981,0,5.838,1.086,5.838,5v4.67c0,3.269-1.027,5-5.453,5Zm7.951-9.446c0-1.611-.082-2.487-2.16-2.487H92.9v9.341h2.335c1.962,0,2.335-.549,2.335-1.938Z\" transform=\"translate(15.01 4.796)\" fill=\"#575551\"><\/path><path id=\"Pfad_776\" data-name=\"Pfad 776\" d=\"M18.191,47.987A18.133,18.133,0,0,1,0,29.948,17.923,17.923,0,0,1,4.448,18.132a18.239,18.239,0,0,1,11.01-6.013v-4.3A8.278,8.278,0,0,1,9.843.07h5.079a3.258,3.258,0,0,0,3.447,3.057A3.258,3.258,0,0,0,21.425.07H26.5a8.278,8.278,0,0,1-5.616,7.753v4.285A18.239,18.239,0,0,1,31.9,18.132a17.925,17.925,0,0,1,4.448,11.8A18.144,18.144,0,0,1,18.191,47.987M5.207,32.645a13.182,13.182,0,1,0,0-5.394v.07h5.137a8.325,8.325,0,0,1,7.834-5.6v5.044a3.228,3.228,0,1,0,0,6.457v5.044a8.326,8.326,0,0,1-7.823-5.616H5.207Z\" transform=\"translate(0 0.012)\" fill=\"#575551\"><\/path><\/g><\/g><\/svg>\t\t\t<\/a>\n\t\t<\/div>\n\t\t\t\t\t\t<\/div>\n\t\t\t\t<\/div>\n\t\t\t\t<\/div>\n\t\t<div class=\"elementor-element elementor-element-2c794244 animated-slow blacklink e-flex e-con-boxed e-con e-parent\" data-id=\"2c794244\" data-element_type=\"container\" data-settings=\"{&quot;background_background&quot;:&quot;classic&quot;,&quot;animation&quot;:&quot;none&quot;}\">\n\t\t\t\t\t<div class=\"e-con-inner\">\n\t\t<div class=\"elementor-element elementor-element-7c5a096a e-con-full e-flex e-con e-child\" data-id=\"7c5a096a\" data-element_type=\"container\">\n\t\t\t\t<div class=\"elementor-element elementor-element-4d23b820 animated-slow elementor-invisible elementor-widget elementor-widget-heading\" data-id=\"4d23b820\" data-element_type=\"widget\" data-settings=\"{&quot;_animation&quot;:&quot;fadeIn&quot;,&quot;_animation_tablet_extra&quot;:&quot;fadeIn&quot;}\" data-widget_type=\"heading.default\">\n\t\t\t\t<div class=\"elementor-widget-container\">\n\t\t\t\t\t<h2 class=\"elementor-heading-title elementor-size-default\">Il gusto semplice <br>della felicit\u00e0<\/h2>\t\t\t\t<\/div>\n\t\t\t\t<\/div>\n\t\t\t\t<\/div>\n\t\t<div class=\"elementor-element elementor-element-544ca406 e-con-full e-flex e-con e-child\" data-id=\"544ca406\" data-element_type=\"container\">\n\t\t\t\t<div class=\"elementor-element elementor-element-587c4d9f animated-slow elementor-widget__width-initial elementor-widget-mobile__width-inherit elementor-invisible elementor-widget elementor-widget-heading\" data-id=\"587c4d9f\" data-element_type=\"widget\" data-settings=\"{&quot;_animation&quot;:&quot;fadeIn&quot;,&quot;_animation_tablet_extra&quot;:&quot;fadeIn&quot;}\" data-widget_type=\"heading.default\">\n\t\t\t\t<div class=\"elementor-widget-container\">\n\t\t\t\t\t<h1 class=\"elementor-heading-title elementor-size-default\">Camere e appartamenti con <br>colazione in Alto Adige<\/h1>\t\t\t\t<\/div>\n\t\t\t\t<\/div>\n\t\t\t\t<div class=\"elementor-element elementor-element-71488208 elementor-widget__width-initial animated-slow elementor-widget-mobile__width-inherit elementor-invisible elementor-widget elementor-widget-text-editor\" data-id=\"71488208\" data-element_type=\"widget\" data-settings=\"{&quot;_animation&quot;:&quot;fadeIn&quot;}\" data-widget_type=\"text-editor.default\">\n\t\t\t\t<div class=\"elementor-widget-container\">\n\t\t\t\t\t\t\t\t\t<p>Ogni mattina ti aspetta un tavolo preparato con cura dove gustare una ricca colazione a base di sapori regionali. La terrazza solarium \u00e8 perfetta per brindare con un aperitivo rinfrescante. E la sera, puoi concludere la giornata in bellezza nel GustoLounge, deliziandoti con un drink e qualche stuzzichino sfizioso preparato con prodotti di qualit\u00e0 dell\u2019Alto Adige. Sono i piccoli momenti di piacere a rendere la vita cos\u00ec bella\u2026 <a href=\"https:\/\/www.gailerhof.com\/it\/dormire-e-sognare\/\">Al Gailerhof Boutique Hotel B&amp;B Dolomites<\/a>, la felicit\u00e0 \u00e8 di casa!<\/p>\t\t\t\t\t\t\t\t<\/div>\n\t\t\t\t<\/div>\n\t\t\t\t<\/div>\n\t\t\t\t\t<\/div>\n\t\t\t\t<\/div>\n\t\t<div class=\"elementor-element elementor-element-17d5c617 animated-slow e-con-full e-flex e-con e-parent\" data-id=\"17d5c617\" data-element_type=\"container\" id=\"fruehstueck\" data-settings=\"{&quot;background_background&quot;:&quot;classic&quot;,&quot;animation&quot;:&quot;none&quot;}\">\n\t\t<div class=\"elementor-element elementor-element-169797d e-con-full e-flex e-con e-child\" data-id=\"169797d\" data-element_type=\"container\">\n\t\t\t\t<div class=\"elementor-element elementor-element-33f3fe40 elementor-pagination-position-inside ratio11 paginationzahl paginationzahlmitte animated-slow elementor-pagination-type-fraction elementor-skin-carousel elementor-invisible elementor-widget elementor-widget-media-carousel\" data-id=\"33f3fe40\" data-element_type=\"widget\" data-settings=\"{&quot;effect&quot;:&quot;fade&quot;,&quot;_animation&quot;:&quot;fadeIn&quot;,&quot;pagination&quot;:&quot;fraction&quot;,&quot;skin&quot;:&quot;carousel&quot;,&quot;speed&quot;:500,&quot;autoplay&quot;:&quot;yes&quot;,&quot;autoplay_speed&quot;:5000,&quot;loop&quot;:&quot;yes&quot;,&quot;pause_on_hover&quot;:&quot;yes&quot;,&quot;pause_on_interaction&quot;:&quot;yes&quot;,&quot;space_between&quot;:{&quot;unit&quot;:&quot;px&quot;,&quot;size&quot;:10,&quot;sizes&quot;:[]},&quot;space_between_widescreen&quot;:{&quot;unit&quot;:&quot;px&quot;,&quot;size&quot;:10,&quot;sizes&quot;:[]},&quot;space_between_laptop&quot;:{&quot;unit&quot;:&quot;px&quot;,&quot;size&quot;:10,&quot;sizes&quot;:[]},&quot;space_between_tablet_extra&quot;:{&quot;unit&quot;:&quot;px&quot;,&quot;size&quot;:10,&quot;sizes&quot;:[]},&quot;space_between_tablet&quot;:{&quot;unit&quot;:&quot;px&quot;,&quot;size&quot;:10,&quot;sizes&quot;:[]},&quot;space_between_mobile_extra&quot;:{&quot;unit&quot;:&quot;px&quot;,&quot;size&quot;:10,&quot;sizes&quot;:[]},&quot;space_between_mobile&quot;:{&quot;unit&quot;:&quot;px&quot;,&quot;size&quot;:10,&quot;sizes&quot;:[]}}\" data-widget_type=\"media-carousel.default\">\n\t\t\t\t<div class=\"elementor-widget-container\">\n\t\t\t\t\t\t\t\t\t<div class=\"elementor-swiper\">\n\t\t\t\t\t<div class=\"elementor-main-swiper swiper\" role=\"region\" aria-roledescription=\"carousel\" aria-label=\"Slider\">\n\t\t\t\t<div class=\"swiper-wrapper\">\n\t\t\t\t\t\t\t\t\t\t\t<div class=\"swiper-slide\" role=\"group\" aria-roledescription=\"slide\">\n\t\t\t\t\t\t\t\t\t<div class=\"elementor-carousel-image\" role=\"img\" aria-label=\"BnB mit Sonnenterrasse in S\u00fcdtirol\" style=\"background-image: url(&#039;https:\/\/www.gailerhof.com\/wp-content\/uploads\/2024\/08\/ferienwohnugn-mit-fruehstueck-suedtirol-regional.jpg&#039;)\">\n\n\t\t\t\n\t\t\t\t\t<\/div>\n\t\t\t\t\t\t\t\t<\/div>\n\t\t\t\t\t\t\t\t\t<\/div>\n\t\t\t\t\t\t\t<\/div>\n\t\t\t\t<\/div>\n\t\t\t\t\t\t\t\t<\/div>\n\t\t\t\t<\/div>\n\t\t\t\t<\/div>\n\t\t<div class=\"elementor-element elementor-element-18fbee9b e-con-full e-flex e-con e-child\" data-id=\"18fbee9b\" data-element_type=\"container\">\n\t\t\t\t<div class=\"elementor-element elementor-element-14c84c99 animated-slow elementor-widget__width-initial elementor-invisible elementor-widget elementor-widget-heading\" data-id=\"14c84c99\" data-element_type=\"widget\" data-settings=\"{&quot;_animation&quot;:&quot;fadeIn&quot;}\" data-widget_type=\"heading.default\">\n\t\t\t\t<div class=\"elementor-widget-container\">\n\t\t\t\t\t<h2 class=\"elementor-heading-title elementor-size-default\">Un gran bel risveglio<\/h2>\t\t\t\t<\/div>\n\t\t\t\t<\/div>\n\t\t\t\t<div class=\"elementor-element elementor-element-49547286 elementor-widget__width-initial animated-slow elementor-widget-mobile__width-inherit elementor-invisible elementor-widget elementor-widget-text-editor\" data-id=\"49547286\" data-element_type=\"widget\" data-settings=\"{&quot;_animation&quot;:&quot;fadeIn&quot;}\" data-widget_type=\"text-editor.default\">\n\t\t\t\t<div class=\"elementor-widget-container\">\n\t\t\t\t\t\t\t\t\t<p>Panini croccanti, torte caserecce, specialit\u00e0 dolci e salate e frutta fresca di stagione&#8230; tutto rigorosamente di origine locale. E poi ancora un buon caff\u00e8 o una tazza di t\u00e8 o tisana bio. La nostra colazione \u00e8 come ogni giornata qui al Gailerhof Boutique Hotel B&amp;B Dolomites: semplicemente fantastica!<\/p>\t\t\t\t\t\t\t\t<\/div>\n\t\t\t\t<\/div>\n\t\t\t\t<\/div>\n\t\t\t\t<\/div>\n\t\t<div class=\"elementor-element elementor-element-6dde8227 animated-slow e-flex e-con-boxed e-con e-parent\" data-id=\"6dde8227\" data-element_type=\"container\" data-settings=\"{&quot;background_background&quot;:&quot;classic&quot;,&quot;animation&quot;:&quot;none&quot;}\">\n\t\t\t\t\t<div class=\"e-con-inner\">\n\t\t<div class=\"elementor-element elementor-element-6d3eb035 e-con-full e-flex e-con e-child\" data-id=\"6d3eb035\" data-element_type=\"container\">\n\t\t\t\t<div class=\"elementor-element elementor-element-2d0ea animated-slow elementor-widget__width-initial elementor-invisible elementor-widget elementor-widget-heading\" data-id=\"2d0ea\" data-element_type=\"widget\" data-settings=\"{&quot;_animation&quot;:&quot;fadeIn&quot;}\" data-widget_type=\"heading.default\">\n\t\t\t\t<div class=\"elementor-widget-container\">\n\t\t\t\t\t<h2 class=\"elementor-heading-title elementor-size-default\">Colazione servita per <br>le camere doppie<\/h2>\t\t\t\t<\/div>\n\t\t\t\t<\/div>\n\t\t\t\t<div class=\"elementor-element elementor-element-4aa29ced elementor-widget__width-initial animated-slow elementor-widget-mobile__width-inherit elementor-invisible elementor-widget elementor-widget-text-editor\" data-id=\"4aa29ced\" data-element_type=\"widget\" data-settings=\"{&quot;_animation&quot;:&quot;fadeIn&quot;}\" data-widget_type=\"text-editor.default\">\n\t\t\t\t<div class=\"elementor-widget-container\">\n\t\t\t\t\t\t\t\t\t<p>Se alloggi in una delle nostre camere doppie, ti serviamo la colazione nel GustoLounge o se preferisci, in estate, sulla terrazza solarium.<\/p>\n\t\t\t\t\t\t\t\t<\/div>\n\t\t\t\t<\/div>\n\t\t\t\t<\/div>\n\t\t<div class=\"elementor-element elementor-element-4489916 e-con-full e-flex e-con e-child\" data-id=\"4489916\" data-element_type=\"container\">\n\t\t\t\t<div class=\"elementor-element elementor-element-585d0c6 animated-slow elementor-widget__width-initial elementor-invisible elementor-widget elementor-widget-heading\" data-id=\"585d0c6\" data-element_type=\"widget\" data-settings=\"{&quot;_animation&quot;:&quot;fadeIn&quot;}\" data-widget_type=\"heading.default\">\n\t\t\t\t<div class=\"elementor-widget-container\">\n\t\t\t\t\t<h2 class=\"elementor-heading-title elementor-size-default\">Colazione privata negli appartamenti-suite<\/h2>\t\t\t\t<\/div>\n\t\t\t\t<\/div>\n\t\t\t\t<div class=\"elementor-element elementor-element-dfbfd18 elementor-widget__width-initial animated-slow elementor-widget-mobile__width-inherit elementor-invisible elementor-widget elementor-widget-text-editor\" data-id=\"dfbfd18\" data-element_type=\"widget\" data-settings=\"{&quot;_animation&quot;:&quot;fadeIn&quot;}\" data-widget_type=\"text-editor.default\">\n\t\t\t\t<div class=\"elementor-widget-container\">\n\t\t\t\t\t\t\t\t\t<p>Se alloggi in un appartamento-suite, la colazione te la portiamo direttamente in appartamento, dove eventualmente puoi gustarla anche sul balcone.<\/p>\n\t\t\t\t\t\t\t\t<\/div>\n\t\t\t\t<\/div>\n\t\t\t\t<\/div>\n\t\t<div class=\"elementor-element elementor-element-69d2765 e-con-full e-flex e-con e-child\" data-id=\"69d2765\" data-element_type=\"container\">\n\t\t\t\t<div class=\"elementor-element elementor-element-1ec9314 animated-slow elementor-widget__width-initial elementor-invisible elementor-widget elementor-widget-heading\" data-id=\"1ec9314\" data-element_type=\"widget\" data-settings=\"{&quot;_animation&quot;:&quot;fadeIn&quot;}\" data-widget_type=\"heading.default\">\n\t\t\t\t<div class=\"elementor-widget-container\">\n\t\t\t\t\t<h2 class=\"elementor-heading-title elementor-size-default\">Colazione <br>al sacco<\/h2>\t\t\t\t<\/div>\n\t\t\t\t<\/div>\n\t\t\t\t<div class=\"elementor-element elementor-element-04b12ce elementor-widget__width-initial animated-slow elementor-widget-mobile__width-inherit elementor-invisible elementor-widget elementor-widget-text-editor\" data-id=\"04b12ce\" data-element_type=\"widget\" data-settings=\"{&quot;_animation&quot;:&quot;fadeIn&quot;}\" data-widget_type=\"text-editor.default\">\n\t\t\t\t<div class=\"elementor-widget-container\">\n\t\t\t\t\t\t\t\t\t<p>Partirai all\u2019alba per una bella escursione? Perfetto: ti prepareremo una colazione al sacco. <\/p>\n\t\t\t\t\t\t\t\t<\/div>\n\t\t\t\t<\/div>\n\t\t\t\t<\/div>\n\t\t\t\t\t<\/div>\n\t\t\t\t<\/div>\n\t\t<div class=\"elementor-element elementor-element-33ae8d9a animated-slow e-con-full e-flex e-con e-parent\" data-id=\"33ae8d9a\" data-element_type=\"container\" id=\"lounge\" data-settings=\"{&quot;background_background&quot;:&quot;classic&quot;,&quot;animation&quot;:&quot;none&quot;}\">\n\t\t<div class=\"elementor-element elementor-element-4e6058c3 e-con-full e-flex e-con e-child\" data-id=\"4e6058c3\" data-element_type=\"container\">\n\t\t\t\t<div class=\"elementor-element elementor-element-ef94be6 animated-slow elementor-invisible elementor-widget elementor-widget-heading\" data-id=\"ef94be6\" data-element_type=\"widget\" data-settings=\"{&quot;_animation&quot;:&quot;fadeIn&quot;}\" data-widget_type=\"heading.default\">\n\t\t\t\t<div class=\"elementor-widget-container\">\n\t\t\t\t\t<h2 class=\"elementor-heading-title elementor-size-default\">GustoLounge<\/h2>\t\t\t\t<\/div>\n\t\t\t\t<\/div>\n\t\t\t\t<div class=\"elementor-element elementor-element-4dd6b22 elementor-pagination-position-inside ratio149 paginationzahl paginationzahlmitte animated-slow elementor-pagination-type-fraction elementor-skin-carousel elementor-invisible elementor-widget elementor-widget-media-carousel\" data-id=\"4dd6b22\" data-element_type=\"widget\" data-settings=\"{&quot;effect&quot;:&quot;fade&quot;,&quot;_animation&quot;:&quot;fadeIn&quot;,&quot;pagination&quot;:&quot;fraction&quot;,&quot;skin&quot;:&quot;carousel&quot;,&quot;speed&quot;:500,&quot;autoplay&quot;:&quot;yes&quot;,&quot;autoplay_speed&quot;:5000,&quot;loop&quot;:&quot;yes&quot;,&quot;pause_on_hover&quot;:&quot;yes&quot;,&quot;pause_on_interaction&quot;:&quot;yes&quot;,&quot;space_between&quot;:{&quot;unit&quot;:&quot;px&quot;,&quot;size&quot;:10,&quot;sizes&quot;:[]},&quot;space_between_widescreen&quot;:{&quot;unit&quot;:&quot;px&quot;,&quot;size&quot;:10,&quot;sizes&quot;:[]},&quot;space_between_laptop&quot;:{&quot;unit&quot;:&quot;px&quot;,&quot;size&quot;:10,&quot;sizes&quot;:[]},&quot;space_between_tablet_extra&quot;:{&quot;unit&quot;:&quot;px&quot;,&quot;size&quot;:10,&quot;sizes&quot;:[]},&quot;space_between_tablet&quot;:{&quot;unit&quot;:&quot;px&quot;,&quot;size&quot;:10,&quot;sizes&quot;:[]},&quot;space_between_mobile_extra&quot;:{&quot;unit&quot;:&quot;px&quot;,&quot;size&quot;:10,&quot;sizes&quot;:[]},&quot;space_between_mobile&quot;:{&quot;unit&quot;:&quot;px&quot;,&quot;size&quot;:10,&quot;sizes&quot;:[]}}\" data-widget_type=\"media-carousel.default\">\n\t\t\t\t<div class=\"elementor-widget-container\">\n\t\t\t\t\t\t\t\t\t<div class=\"elementor-swiper\">\n\t\t\t\t\t<div class=\"elementor-main-swiper swiper\" role=\"region\" aria-roledescription=\"carousel\" aria-label=\"Slider\">\n\t\t\t\t<div class=\"swiper-wrapper\">\n\t\t\t\t\t\t\t\t\t\t\t<div class=\"swiper-slide\" role=\"group\" aria-roledescription=\"slide\">\n\t\t\t\t\t\t\t\t\t<div class=\"elementor-carousel-image\" role=\"img\" aria-label=\"Gem\u00fctliche Lounge im Hotel in S\u00fcdtirol\" style=\"background-image: url(&#039;https:\/\/www.gailerhof.com\/wp-content\/uploads\/2024\/08\/049_gailerhof_\u00a9KOTTERSTEGER_181211_KOT_49602x.jpg&#039;)\">\n\n\t\t\t\n\t\t\t\t\t<\/div>\n\t\t\t\t\t\t\t\t<\/div>\n\t\t\t\t\t\t\t\t\t<\/div>\n\t\t\t\t\t\t\t<\/div>\n\t\t\t\t<\/div>\n\t\t\t\t\t\t\t\t<\/div>\n\t\t\t\t<\/div>\n\t\t<div class=\"elementor-element elementor-element-51e2fe16 e-con-full e-flex e-con e-child\" data-id=\"51e2fe16\" data-element_type=\"container\">\n\t\t\t\t<div class=\"elementor-element elementor-element-5d708571 elementor-widget__width-initial animated-slow elementor-widget-mobile__width-inherit elementor-invisible elementor-widget elementor-widget-text-editor\" data-id=\"5d708571\" data-element_type=\"widget\" data-settings=\"{&quot;_animation&quot;:&quot;fadeIn&quot;}\" data-widget_type=\"text-editor.default\">\n\t\t\t\t<div class=\"elementor-widget-container\">\n\t\t\t\t\t\t\t\t\t<p>Un\u2019atmosfera accogliente in cui sedersi e rivivere insieme le belle esperienze della giornata, magari davanti al caminetto scoppiettante in inverno. Per soddisfare l\u2019appetito tra un pasto e l\u2019altro, serviamo sfiziosi snack con prodotti regionali, accompagnati da un buon bicchiere di vino altoatesino. Il GustoLounge \u00e8 il luogo perfetto per rilassarsi.    <\/p>\n\t\t\t\t\t\t\t\t<\/div>\n\t\t\t\t<\/div>\n\t\t\t\t<\/div>\n\t\t\t\t<\/div>\n\t\t\t\t<\/div>\n\t\t<div class=\"elementor-element elementor-element-5d2911c animated-slow e-con-full e-flex e-con e-parent\" data-id=\"5d2911c\" data-element_type=\"container\" data-settings=\"{&quot;background_background&quot;:&quot;classic&quot;,&quot;animation&quot;:&quot;none&quot;}\">\n\t\t<div class=\"elementor-element elementor-element-2b99814 e-con-full e-flex e-con e-child\" data-id=\"2b99814\" data-element_type=\"container\">\n\t\t\t\t<div class=\"elementor-element elementor-element-6d310c3 elementor-pagination-position-inside ratio11 paginationzahl paginationzahlmitte animated-slow elementor-pagination-type-fraction elementor-skin-carousel elementor-invisible elementor-widget elementor-widget-media-carousel\" data-id=\"6d310c3\" data-element_type=\"widget\" data-settings=\"{&quot;effect&quot;:&quot;fade&quot;,&quot;_animation&quot;:&quot;fadeIn&quot;,&quot;pagination&quot;:&quot;fraction&quot;,&quot;skin&quot;:&quot;carousel&quot;,&quot;speed&quot;:500,&quot;autoplay&quot;:&quot;yes&quot;,&quot;autoplay_speed&quot;:5000,&quot;loop&quot;:&quot;yes&quot;,&quot;pause_on_hover&quot;:&quot;yes&quot;,&quot;pause_on_interaction&quot;:&quot;yes&quot;,&quot;space_between&quot;:{&quot;unit&quot;:&quot;px&quot;,&quot;size&quot;:10,&quot;sizes&quot;:[]},&quot;space_between_widescreen&quot;:{&quot;unit&quot;:&quot;px&quot;,&quot;size&quot;:10,&quot;sizes&quot;:[]},&quot;space_between_laptop&quot;:{&quot;unit&quot;:&quot;px&quot;,&quot;size&quot;:10,&quot;sizes&quot;:[]},&quot;space_between_tablet_extra&quot;:{&quot;unit&quot;:&quot;px&quot;,&quot;size&quot;:10,&quot;sizes&quot;:[]},&quot;space_between_tablet&quot;:{&quot;unit&quot;:&quot;px&quot;,&quot;size&quot;:10,&quot;sizes&quot;:[]},&quot;space_between_mobile_extra&quot;:{&quot;unit&quot;:&quot;px&quot;,&quot;size&quot;:10,&quot;sizes&quot;:[]},&quot;space_between_mobile&quot;:{&quot;unit&quot;:&quot;px&quot;,&quot;size&quot;:10,&quot;sizes&quot;:[]}}\" data-widget_type=\"media-carousel.default\">\n\t\t\t\t<div class=\"elementor-widget-container\">\n\t\t\t\t\t\t\t\t\t<div class=\"elementor-swiper\">\n\t\t\t\t\t<div class=\"elementor-main-swiper swiper\" role=\"region\" aria-roledescription=\"carousel\" aria-label=\"Slider\">\n\t\t\t\t<div class=\"swiper-wrapper\">\n\t\t\t\t\t\t\t\t\t\t\t<div class=\"swiper-slide\" role=\"group\" aria-roledescription=\"slide\">\n\t\t\t\t\t\t\t\t\t<div class=\"elementor-carousel-image\" role=\"img\" aria-label=\"Sommer im Pustertal auf dem Gailerhof\" style=\"background-image: url(&#039;https:\/\/www.gailerhof.com\/wp-content\/uploads\/2024\/08\/bnb-mit-sonnenterasse.jpg&#039;)\">\n\n\t\t\t\n\t\t\t\t\t<\/div>\n\t\t\t\t\t\t\t\t<\/div>\n\t\t\t\t\t\t\t\t\t<\/div>\n\t\t\t\t\t\t\t<\/div>\n\t\t\t\t<\/div>\n\t\t\t\t\t\t\t\t<\/div>\n\t\t\t\t<\/div>\n\t\t\t\t<\/div>\n\t\t<div class=\"elementor-element elementor-element-adaf27d e-con-full e-flex e-con e-child\" data-id=\"adaf27d\" data-element_type=\"container\">\n\t\t\t\t<div class=\"elementor-element elementor-element-d47be02 animated-slow elementor-widget__width-initial elementor-invisible elementor-widget elementor-widget-heading\" data-id=\"d47be02\" data-element_type=\"widget\" data-settings=\"{&quot;_animation&quot;:&quot;fadeIn&quot;}\" data-widget_type=\"heading.default\">\n\t\t\t\t<div class=\"elementor-widget-container\">\n\t\t\t\t\t<h2 class=\"elementor-heading-title elementor-size-default\">La terrazza <br>solarium<\/h2>\t\t\t\t<\/div>\n\t\t\t\t<\/div>\n\t\t\t\t<div class=\"elementor-element elementor-element-d9c36d4 elementor-widget__width-initial animated-slow elementor-widget-mobile__width-inherit elementor-invisible elementor-widget elementor-widget-text-editor\" data-id=\"d9c36d4\" data-element_type=\"widget\" data-settings=\"{&quot;_animation&quot;:&quot;fadeIn&quot;}\" data-widget_type=\"text-editor.default\">\n\t\t\t\t<div class=\"elementor-widget-container\">\n\t\t\t\t\t\t\t\t\t<p>Lo sguardo che si perde tra le vette. Il richiamo del cuculo che echeggia dal vicino bosco. In inverno, lo scintillio della neve e la danza delle fiamme nel braciere. Il luogo perfetto per la colazione, la pausa caff\u00e8, un drink a met\u00e0 giornata o l\u2019ultimo brindisi della sera.   <\/p>\n\t\t\t\t\t\t\t\t<\/div>\n\t\t\t\t<\/div>\n\t\t\t\t<\/div>\n\t\t\t\t<\/div>\n\t\t<div class=\"elementor-element elementor-element-03488e2 animated-slow e-con-full e-flex e-con e-parent\" data-id=\"03488e2\" data-element_type=\"container\" data-settings=\"{&quot;background_background&quot;:&quot;classic&quot;,&quot;animation&quot;:&quot;none&quot;}\">\n\t\t<div class=\"elementor-element elementor-element-166a8c2 e-con-full e-flex e-con e-child\" data-id=\"166a8c2\" data-element_type=\"container\">\n\t\t\t\t<div class=\"elementor-element elementor-element-c1906ba elementor-pagination-position-inside ratio149 paginationzahl paginationzahlmitte animated-slow elementor-pagination-type-fraction elementor-skin-carousel elementor-invisible elementor-widget elementor-widget-media-carousel\" data-id=\"c1906ba\" data-element_type=\"widget\" data-settings=\"{&quot;effect&quot;:&quot;fade&quot;,&quot;_animation&quot;:&quot;fadeIn&quot;,&quot;pagination&quot;:&quot;fraction&quot;,&quot;skin&quot;:&quot;carousel&quot;,&quot;speed&quot;:500,&quot;autoplay&quot;:&quot;yes&quot;,&quot;autoplay_speed&quot;:5000,&quot;loop&quot;:&quot;yes&quot;,&quot;pause_on_hover&quot;:&quot;yes&quot;,&quot;pause_on_interaction&quot;:&quot;yes&quot;,&quot;space_between&quot;:{&quot;unit&quot;:&quot;px&quot;,&quot;size&quot;:10,&quot;sizes&quot;:[]},&quot;space_between_widescreen&quot;:{&quot;unit&quot;:&quot;px&quot;,&quot;size&quot;:10,&quot;sizes&quot;:[]},&quot;space_between_laptop&quot;:{&quot;unit&quot;:&quot;px&quot;,&quot;size&quot;:10,&quot;sizes&quot;:[]},&quot;space_between_tablet_extra&quot;:{&quot;unit&quot;:&quot;px&quot;,&quot;size&quot;:10,&quot;sizes&quot;:[]},&quot;space_between_tablet&quot;:{&quot;unit&quot;:&quot;px&quot;,&quot;size&quot;:10,&quot;sizes&quot;:[]},&quot;space_between_mobile_extra&quot;:{&quot;unit&quot;:&quot;px&quot;,&quot;size&quot;:10,&quot;sizes&quot;:[]},&quot;space_between_mobile&quot;:{&quot;unit&quot;:&quot;px&quot;,&quot;size&quot;:10,&quot;sizes&quot;:[]}}\" data-widget_type=\"media-carousel.default\">\n\t\t\t\t<div class=\"elementor-widget-container\">\n\t\t\t\t\t\t\t\t\t<div class=\"elementor-swiper\">\n\t\t\t\t\t<div class=\"elementor-main-swiper swiper\" role=\"region\" aria-roledescription=\"carousel\" aria-label=\"Slider\">\n\t\t\t\t<div class=\"swiper-wrapper\">\n\t\t\t\t\t\t\t\t\t\t\t<div class=\"swiper-slide\" role=\"group\" aria-roledescription=\"slide\">\n\t\t\t\t\t\t\t\t\t<div class=\"elementor-carousel-image\" role=\"img\" aria-label=\"Sommer im Pustertal auf dem Gailerhof\" style=\"background-image: url(&#039;https:\/\/www.gailerhof.com\/wp-content\/uploads\/2024\/08\/genuss-urlaub-suedtirol.jpg&#039;)\">\n\n\t\t\t\n\t\t\t\t\t<\/div>\n\t\t\t\t\t\t\t\t<\/div>\n\t\t\t\t\t\t\t\t\t<\/div>\n\t\t\t\t\t\t\t<\/div>\n\t\t\t\t<\/div>\n\t\t\t\t\t\t\t\t<\/div>\n\t\t\t\t<\/div>\n\t\t\t\t<\/div>\n\t\t\t\t<\/div>\n\t\t<div class=\"elementor-element elementor-element-31e96d7 animated-slow e-con-full e-flex e-con e-parent\" data-id=\"31e96d7\" data-element_type=\"container\" data-settings=\"{&quot;background_background&quot;:&quot;classic&quot;,&quot;animation&quot;:&quot;none&quot;}\">\n\t\t<div class=\"elementor-element elementor-element-21473ba e-con-full e-flex e-con e-child\" data-id=\"21473ba\" data-element_type=\"container\">\n\t\t\t\t<div class=\"elementor-element elementor-element-a083ef9 animated-slow elementor-widget__width-initial elementor-widget-mobile__width-inherit elementor-invisible elementor-widget elementor-widget-heading\" data-id=\"a083ef9\" data-element_type=\"widget\" data-settings=\"{&quot;_animation&quot;:&quot;fadeIn&quot;,&quot;_animation_tablet_extra&quot;:&quot;fadeIn&quot;}\" data-widget_type=\"heading.default\">\n\t\t\t\t<div class=\"elementor-widget-container\">\n\t\t\t\t\t<h2 class=\"elementor-heading-title elementor-size-default\">Dine Around<\/h2>\t\t\t\t<\/div>\n\t\t\t\t<\/div>\n\t\t\t\t<div class=\"elementor-element elementor-element-7c1717e elementor-widget__width-initial animated-slow elementor-widget-mobile__width-inherit elementor-invisible elementor-widget elementor-widget-text-editor\" data-id=\"7c1717e\" data-element_type=\"widget\" data-settings=\"{&quot;_animation&quot;:&quot;fadeIn&quot;}\" data-widget_type=\"text-editor.default\">\n\t\t\t\t<div class=\"elementor-widget-container\">\n\t\t\t\t\t\t\t\t\t<p>Per il pranzo e la cena ci sono diversi ristoranti in zona che propongono menu per tutti i gusti. Saremo felici di darti qualche consiglio e segnalarti i ristoranti convenzionati con noi. <\/p>\n\t\t\t\t\t\t\t\t<\/div>\n\t\t\t\t<\/div>\n\t\t\t\t<\/div>\n\t\t\t\t<\/div>\n\t\t\t\t<\/div>\n\t\t","protected":false},"excerpt":{"rendered":"<p>Il gusto semplice della felicit\u00e0 Camere e appartamenti con colazione in Alto Adige Ogni mattina ti aspetta un tavolo preparato con cura dove gustare una ricca colazione a base di sapori regionali. La terrazza solarium \u00e8 perfetta per brindare con un aperitivo rinfrescante. E la sera, puoi concludere la giornata in bellezza nel GustoLounge, deliziandoti [&hellip;]<\/p>\n","protected":false},"author":1,"featured_media":0,"parent":0,"menu_order":0,"comment_status":"closed","ping_status":"closed","template":"","meta":{"_acf_changed":false,"footnotes":""},"class_list":["post-1828","page","type-page","status-publish","hentry"],"acf":[],"yoast_head":"<!-- This site is optimized with the Yoast SEO plugin v26.8 - https:\/\/yoast.com\/product\/yoast-seo-wordpress\/ -->\n<title>Gailerhof: appartamenti e camere con colazione in Alto Adige<\/title>\n<meta name=\"description\" content=\"Un incantevole B&amp;B in posizione tranquilla e panoramica a Monguelfo, con golosa colazione regionale inclusa. Moderno, autentico, accogliente. Ti aspettiamo!\" \/>\n<meta name=\"robots\" content=\"index, follow, max-snippet:-1, max-image-preview:large, max-video-preview:-1\" \/>\n<link rel=\"canonical\" href=\"https:\/\/www.gailerhof.com\/it\/mangiare-e-gustare\/\" \/>\n<meta property=\"og:locale\" content=\"it_IT\" \/>\n<meta property=\"og:type\" content=\"article\" \/>\n<meta property=\"og:title\" content=\"Gailerhof: appartamenti e camere con colazione in Alto Adige\" \/>\n<meta property=\"og:description\" content=\"Un incantevole B&amp;B in posizione tranquilla e panoramica a Monguelfo, con golosa colazione regionale inclusa. Moderno, autentico, accogliente. Ti aspettiamo!\" \/>\n<meta property=\"og:url\" content=\"https:\/\/www.gailerhof.com\/it\/mangiare-e-gustare\/\" \/>\n<meta property=\"og:site_name\" content=\"Gailerhof\" \/>\n<meta property=\"article:publisher\" content=\"https:\/\/www.facebook.com\/Gailerhof\/\" \/>\n<meta property=\"article:modified_time\" content=\"2026-04-03T11:58:51+00:00\" \/>\n<meta name=\"twitter:card\" content=\"summary_large_image\" \/>\n<meta name=\"twitter:label1\" content=\"Tempo di lettura stimato\" \/>\n\t<meta name=\"twitter:data1\" content=\"2 minuti\" \/>\n<script type=\"application\/ld+json\" class=\"yoast-schema-graph\">{\"@context\":\"https:\/\/schema.org\",\"@graph\":[{\"@type\":\"WebPage\",\"@id\":\"https:\/\/www.gailerhof.com\/it\/mangiare-e-gustare\/\",\"url\":\"https:\/\/www.gailerhof.com\/it\/mangiare-e-gustare\/\",\"name\":\"Gailerhof: appartamenti e camere con colazione in Alto Adige\",\"isPartOf\":{\"@id\":\"https:\/\/www.gailerhof.com\/it\/#website\"},\"datePublished\":\"2024-08-01T09:45:02+00:00\",\"dateModified\":\"2026-04-03T11:58:51+00:00\",\"description\":\"Un incantevole B&B in posizione tranquilla e panoramica a Monguelfo, con golosa colazione regionale inclusa. Moderno, autentico, accogliente. Ti aspettiamo!\",\"breadcrumb\":{\"@id\":\"https:\/\/www.gailerhof.com\/it\/mangiare-e-gustare\/#breadcrumb\"},\"inLanguage\":\"it-IT\",\"potentialAction\":[{\"@type\":\"ReadAction\",\"target\":[\"https:\/\/www.gailerhof.com\/it\/mangiare-e-gustare\/\"]}]},{\"@type\":\"BreadcrumbList\",\"@id\":\"https:\/\/www.gailerhof.com\/it\/mangiare-e-gustare\/#breadcrumb\",\"itemListElement\":[{\"@type\":\"ListItem\",\"position\":1,\"name\":\"Startseite\",\"item\":\"https:\/\/www.gailerhof.com\/it\/\"},{\"@type\":\"ListItem\",\"position\":2,\"name\":\"Mangiare e gustare\"}]},{\"@type\":\"WebSite\",\"@id\":\"https:\/\/www.gailerhof.com\/it\/#website\",\"url\":\"https:\/\/www.gailerhof.com\/it\/\",\"name\":\"Gailerhof\",\"description\":\"\",\"publisher\":{\"@id\":\"https:\/\/www.gailerhof.com\/it\/#organization\"},\"potentialAction\":[{\"@type\":\"SearchAction\",\"target\":{\"@type\":\"EntryPoint\",\"urlTemplate\":\"https:\/\/www.gailerhof.com\/it\/?s={search_term_string}\"},\"query-input\":{\"@type\":\"PropertyValueSpecification\",\"valueRequired\":true,\"valueName\":\"search_term_string\"}}],\"inLanguage\":\"it-IT\"},{\"@type\":\"Organization\",\"@id\":\"https:\/\/www.gailerhof.com\/it\/#organization\",\"name\":\"Gailerhof\",\"url\":\"https:\/\/www.gailerhof.com\/it\/\",\"logo\":{\"@type\":\"ImageObject\",\"inLanguage\":\"it-IT\",\"@id\":\"https:\/\/www.gailerhof.com\/it\/#\/schema\/logo\/image\/\",\"url\":\"https:\/\/www.gailerhof.com\/wp-content\/uploads\/2024\/08\/Logo_Gailerhof.svg\",\"contentUrl\":\"https:\/\/www.gailerhof.com\/wp-content\/uploads\/2024\/08\/Logo_Gailerhof.svg\",\"width\":204,\"height\":122,\"caption\":\"Gailerhof\"},\"image\":{\"@id\":\"https:\/\/www.gailerhof.com\/it\/#\/schema\/logo\/image\/\"},\"sameAs\":[\"https:\/\/www.facebook.com\/Gailerhof\/\",\"https:\/\/www.instagram.com\/gailerhof.bnb\/\"]}]}<\/script>\n<!-- \/ Yoast SEO plugin. -->","yoast_head_json":{"title":"Gailerhof: appartamenti e camere con colazione in Alto Adige","description":"Un incantevole B&B in posizione tranquilla e panoramica a Monguelfo, con golosa colazione regionale inclusa. Moderno, autentico, accogliente. Ti aspettiamo!","robots":{"index":"index","follow":"follow","max-snippet":"max-snippet:-1","max-image-preview":"max-image-preview:large","max-video-preview":"max-video-preview:-1"},"canonical":"https:\/\/www.gailerhof.com\/it\/mangiare-e-gustare\/","og_locale":"it_IT","og_type":"article","og_title":"Gailerhof: appartamenti e camere con colazione in Alto Adige","og_description":"Un incantevole B&B in posizione tranquilla e panoramica a Monguelfo, con golosa colazione regionale inclusa. Moderno, autentico, accogliente. Ti aspettiamo!","og_url":"https:\/\/www.gailerhof.com\/it\/mangiare-e-gustare\/","og_site_name":"Gailerhof","article_publisher":"https:\/\/www.facebook.com\/Gailerhof\/","article_modified_time":"2026-04-03T11:58:51+00:00","twitter_card":"summary_large_image","twitter_misc":{"Tempo di lettura stimato":"2 minuti"},"schema":{"@context":"https:\/\/schema.org","@graph":[{"@type":"WebPage","@id":"https:\/\/www.gailerhof.com\/it\/mangiare-e-gustare\/","url":"https:\/\/www.gailerhof.com\/it\/mangiare-e-gustare\/","name":"Gailerhof: appartamenti e camere con colazione in Alto Adige","isPartOf":{"@id":"https:\/\/www.gailerhof.com\/it\/#website"},"datePublished":"2024-08-01T09:45:02+00:00","dateModified":"2026-04-03T11:58:51+00:00","description":"Un incantevole B&B in posizione tranquilla e panoramica a Monguelfo, con golosa colazione regionale inclusa. Moderno, autentico, accogliente. Ti aspettiamo!","breadcrumb":{"@id":"https:\/\/www.gailerhof.com\/it\/mangiare-e-gustare\/#breadcrumb"},"inLanguage":"it-IT","potentialAction":[{"@type":"ReadAction","target":["https:\/\/www.gailerhof.com\/it\/mangiare-e-gustare\/"]}]},{"@type":"BreadcrumbList","@id":"https:\/\/www.gailerhof.com\/it\/mangiare-e-gustare\/#breadcrumb","itemListElement":[{"@type":"ListItem","position":1,"name":"Startseite","item":"https:\/\/www.gailerhof.com\/it\/"},{"@type":"ListItem","position":2,"name":"Mangiare e gustare"}]},{"@type":"WebSite","@id":"https:\/\/www.gailerhof.com\/it\/#website","url":"https:\/\/www.gailerhof.com\/it\/","name":"Gailerhof","description":"","publisher":{"@id":"https:\/\/www.gailerhof.com\/it\/#organization"},"potentialAction":[{"@type":"SearchAction","target":{"@type":"EntryPoint","urlTemplate":"https:\/\/www.gailerhof.com\/it\/?s={search_term_string}"},"query-input":{"@type":"PropertyValueSpecification","valueRequired":true,"valueName":"search_term_string"}}],"inLanguage":"it-IT"},{"@type":"Organization","@id":"https:\/\/www.gailerhof.com\/it\/#organization","name":"Gailerhof","url":"https:\/\/www.gailerhof.com\/it\/","logo":{"@type":"ImageObject","inLanguage":"it-IT","@id":"https:\/\/www.gailerhof.com\/it\/#\/schema\/logo\/image\/","url":"https:\/\/www.gailerhof.com\/wp-content\/uploads\/2024\/08\/Logo_Gailerhof.svg","contentUrl":"https:\/\/www.gailerhof.com\/wp-content\/uploads\/2024\/08\/Logo_Gailerhof.svg","width":204,"height":122,"caption":"Gailerhof"},"image":{"@id":"https:\/\/www.gailerhof.com\/it\/#\/schema\/logo\/image\/"},"sameAs":["https:\/\/www.facebook.com\/Gailerhof\/","https:\/\/www.instagram.com\/gailerhof.bnb\/"]}]}},"_links":{"self":[{"href":"https:\/\/www.gailerhof.com\/it\/wp-json\/wp\/v2\/pages\/1828","targetHints":{"allow":["GET"]}}],"collection":[{"href":"https:\/\/www.gailerhof.com\/it\/wp-json\/wp\/v2\/pages"}],"about":[{"href":"https:\/\/www.gailerhof.com\/it\/wp-json\/wp\/v2\/types\/page"}],"author":[{"embeddable":true,"href":"https:\/\/www.gailerhof.com\/it\/wp-json\/wp\/v2\/users\/1"}],"replies":[{"embeddable":true,"href":"https:\/\/www.gailerhof.com\/it\/wp-json\/wp\/v2\/comments?post=1828"}],"version-history":[{"count":3,"href":"https:\/\/www.gailerhof.com\/it\/wp-json\/wp\/v2\/pages\/1828\/revisions"}],"predecessor-version":[{"id":2859,"href":"https:\/\/www.gailerhof.com\/it\/wp-json\/wp\/v2\/pages\/1828\/revisions\/2859"}],"wp:attachment":[{"href":"https:\/\/www.gailerhof.com\/it\/wp-json\/wp\/v2\/media?parent=1828"}],"curies":[{"name":"wp","href":"https:\/\/api.w.org\/{rel}","templated":true}]}}